{"id":758,"date":"2017-04-09T09:52:25","date_gmt":"2017-04-09T09:52:25","guid":{"rendered":"http:\/\/www.fisch-fest.net\/wordpress\/?page_id=758"},"modified":"2017-04-09T09:52:25","modified_gmt":"2017-04-09T09:52:25","slug":"fischer","status":"publish","type":"page","link":"https:\/\/www.fisch-fest.net\/wordpress\/fischer\/","title":{"rendered":"Der Fischer"},"content":{"rendered":"<div id=\"pl-758\"  class=\"panel-layout\" ><div id=\"pg-758-0\"  class=\"panel-grid panel-no-style\" ><div id=\"pgc-758-0-0\"  class=\"panel-grid-cell\" ><div id=\"panel-758-0-0-0\" class=\"so-panel widget widget_sow-editor panel-first-child panel-last-child\" data-index=\"0\" ><div\n\t\t\t\n\t\t\tclass=\"so-widget-sow-editor so-widget-sow-editor-base\"\n\t\t\t\n\t\t>\n<div class=\"siteorigin-widget-tinymce textwidget\">\n\t<h2>Andreas Pinter \u00a0- \"Der Fischer\"<\/h2>\n<\/div>\n<\/div><\/div><\/div><\/div><div id=\"pg-758-1\"  class=\"panel-grid panel-no-style\" ><div id=\"pgc-758-1-0\"  class=\"panel-grid-cell\" ><div id=\"panel-758-1-0-0\" class=\"so-panel widget widget_sow-editor panel-first-child panel-last-child\" data-index=\"1\" ><div\n\t\t\t\n\t\t\tclass=\"so-widget-sow-editor so-widget-sow-editor-base\"\n\t\t\t\n\t\t>\n<div class=\"siteorigin-widget-tinymce textwidget\">\n\t<div id=\"apDiv1\">Das Thema Fisch begleitet mich seit meiner fr\u00fchesten Kindheit. Ich liebe die Natur und arbeite gerne mit Menschen, gehe auf Menschen zu und f\u00fchle mich als Gastgeber und Organisator besonders wohl.<\/p>\n<p>Bereits in meiner Kindheit verbrachte ich mehr Stunden in der K\u00fcche als vor dem Fernseher und meine Lieblingssendung war nat\u00fcrlich der Fernsehkoch.<\/p>\n<p>Nach meiner Ausbildung als Gastronom und Hotelbetriebswirt, arbeitete ich eine Zeit im Ausland und konnte dadurch meine Sprachkenntnisse erweitern und einen Einblick in fremde Kulturen gewinnen.<\/p>\n<p>Die Liebe zu Fischen dr\u00fcckte sich in meiner Leidenschaft zum Angeln besonders stark aus. Wie der Zufall so spielte, lernte ich eines Tages meinen jetzigen Freund und staatlich gepr\u00fcften Fischz\u00fcchter Hans kennen.<\/p>\n<\/div>\n<p id=\"apDiv2\">Ich durfte ihn bei der Aufzucht von Saiblingen und Bachforellen begleiten und entwickelte auch meine F\u00e4higkeit mit diesen hochwertigen und vorz\u00fcglichen Lebensmittel zu kochen und zu arbeiten.<\/p>\n<p>Nach weiteren Jahren in der Gastronomie und im Handel, entwickelte sich die Idee des selbstst\u00e4ndigen Fischh\u00e4ndlers in Verbindung mit einem Catering.<\/p>\n<p>Nat\u00fcrlich liegt der Schwerpunkt auf Fisch. Ich arbeite jedoch auch sehr gerne mit allen anderen Arten von Lebensmitteln.<\/p>\n<p>Ich liebe es Buffets zu kreieren und koche auch gerne f\u00fcr ein Fest oder stehe als Leihkoch zur Verf\u00fcgung.<\/p>\n<p>Meine gr\u00f6\u00dfte Liebe geh\u00f6rt jedoch dem Fisch, in allen Varianten vom Fischfang bis zum kreieren von hochwertigen K\u00f6stlichkeiten, ob nun in Form von Mousse, Tatare, ger\u00e4uchert, gebeizt, gebraten oder am Steckerl gegrillt.<\/p>\n<\/div>\n<\/div><\/div><\/div><div id=\"pgc-758-1-1\"  class=\"panel-grid-cell\" ><div id=\"panel-758-1-1-0\" class=\"so-panel widget widget_sow-slider panel-first-child panel-last-child\" data-index=\"2\" ><div\n\t\t\t\n\t\t\tclass=\"so-widget-sow-slider so-widget-sow-slider-default-53fd0f98de19-758\"\n\t\t\t\n\t\t><div class=\"sow-slider-base\" style=\"display: none\"><ul\n\t\t\t\t\tclass=\"sow-slider-images\"\n\t\t\t\t\tdata-settings=\"{&quot;pagination&quot;:true,&quot;speed&quot;:400,&quot;timeout&quot;:4000,&quot;paused&quot;:false,&quot;pause_on_hover&quot;:false,&quot;swipe&quot;:true,&quot;nav_always_show_desktop&quot;:&quot;&quot;,&quot;nav_always_show_mobile&quot;:&quot;&quot;,&quot;breakpoint&quot;:&quot;780px&quot;,&quot;unmute&quot;:false,&quot;anchor&quot;:null}\"\n\t\t\t\t\t\t\t\t\t\tdata-anchor-id=\"\"\n\t\t\t\t>\t\t<li class=\"sow-slider-image\" style=\"visibility: visible;;background-color: #19398c\" >\n\t\t\t\t\t\t<div class=\"sow-slider-image-container\">\n\t\t\t\t<div class=\"sow-slider-image-wrapper\" style=\"max-width: 675px\">\n\t\t\t\t\t\t\t\t\t\t<div class=\"sow-slider-image-foreground-wrapper\">\n\t\t\t\t\t\t<img fetchpriority=\"high\" decoding=\"async\" width=\"675\" height=\"477\" src=\"https:\/\/i0.wp.com\/www.fisch-fest.net\/wordpress\/wp-content\/uploads\/2017\/04\/9695053627.jpg?fit=675%2C477&amp;ssl=1\" class=\"sow-slider-foreground-image skip-lazy\" alt=\"\" loading=\"eager\" style=\"\" srcset=\"https:\/\/i0.wp.com\/www.fisch-fest.net\/wordpress\/wp-content\/uploads\/2017\/04\/9695053627.jpg?w=675&amp;ssl=1 675w, https:\/\/i0.wp.com\/www.fisch-fest.net\/wordpress\/wp-content\/uploads\/2017\/04\/9695053627.jpg?resize=300%2C212&amp;ssl=1 300w, https:\/\/i0.wp.com\/www.fisch-fest.net\/wordpress\/wp-content\/uploads\/2017\/04\/9695053627.jpg?resize=425%2C300&amp;ssl=1 425w\" sizes=\"(max-width: 675px) 100vw, 675px\" data-attachment-id=\"719\" data-permalink=\"https:\/\/www.fisch-fest.net\/wordpress\/fischfest\/_9695053627\/\" data-orig-file=\"https:\/\/i0.wp.com\/www.fisch-fest.net\/wordpress\/wp-content\/uploads\/2017\/04\/9695053627.jpg?fit=675%2C477&amp;ssl=1\" data-orig-size=\"675,477\" data-comments-opened=\"1\" data-image-meta=\"{&quot;aperture&quot;:&quot;0&quot;,&quot;credit&quot;:&quot;&quot;,&quot;camera&quot;:&quot;&quot;,&quot;caption&quot;:&quot;&quot;,&quot;created_timestamp&quot;:&quot;0&quot;,&quot;copyright&quot;:&quot;&quot;,&quot;focal_length&quot;:&quot;0&quot;,&quot;iso&quot;:&quot;0&quot;,&quot;shutter_speed&quot;:&quot;0&quot;,&quot;title&quot;:&quot;&quot;,&quot;orientation&quot;:&quot;1&quot;}\" data-image-title=\"_9695053627\" data-image-description=\"\" data-image-caption=\"&lt;p&gt;Andreas PInter&lt;\/p&gt;\n\" data-medium-file=\"https:\/\/i0.wp.com\/www.fisch-fest.net\/wordpress\/wp-content\/uploads\/2017\/04\/9695053627.jpg?fit=300%2C212&amp;ssl=1\" data-large-file=\"https:\/\/i0.wp.com\/www.fisch-fest.net\/wordpress\/wp-content\/uploads\/2017\/04\/9695053627.jpg?fit=675%2C477&amp;ssl=1\" \/>\t\t\t\t\t<\/div>\n\t\t\t\t\t\t\t\t\t<\/div>\n\t\t\t<\/div>\n\t\t\t\t\t<\/li>\n\t\t\t\t<li class=\"sow-slider-image\" style=\"visibility: hidden;;background-color: #19398c\" >\n\t\t\t\t\t\t<div class=\"sow-slider-image-container\">\n\t\t\t\t<div class=\"sow-slider-image-wrapper\" style=\"max-width: 1181px\">\n\t\t\t\t\t\t\t\t\t\t<div class=\"sow-slider-image-foreground-wrapper\">\n\t\t\t\t\t\t<img decoding=\"async\" width=\"1181\" height=\"788\" src=\"https:\/\/i0.wp.com\/www.fisch-fest.net\/wordpress\/wp-content\/uploads\/2017\/04\/Medaillenregen.jpg?fit=1181%2C788&amp;ssl=1\" class=\"sow-slider-foreground-image skip-lazy\" alt=\"\" loading=\"eager\" style=\"\" srcset=\"https:\/\/i0.wp.com\/www.fisch-fest.net\/wordpress\/wp-content\/uploads\/2017\/04\/Medaillenregen.jpg?w=1181&amp;ssl=1 1181w, https:\/\/i0.wp.com\/www.fisch-fest.net\/wordpress\/wp-content\/uploads\/2017\/04\/Medaillenregen.jpg?resize=300%2C200&amp;ssl=1 300w, https:\/\/i0.wp.com\/www.fisch-fest.net\/wordpress\/wp-content\/uploads\/2017\/04\/Medaillenregen.jpg?resize=768%2C512&amp;ssl=1 768w, https:\/\/i0.wp.com\/www.fisch-fest.net\/wordpress\/wp-content\/uploads\/2017\/04\/Medaillenregen.jpg?resize=1024%2C683&amp;ssl=1 1024w, https:\/\/i0.wp.com\/www.fisch-fest.net\/wordpress\/wp-content\/uploads\/2017\/04\/Medaillenregen.jpg?resize=450%2C300&amp;ssl=1 450w\" sizes=\"(max-width: 863px) 100vw, 863px\" data-attachment-id=\"722\" data-permalink=\"https:\/\/www.fisch-fest.net\/wordpress\/fischfest\/medaillenregen-4\/\" data-orig-file=\"https:\/\/i0.wp.com\/www.fisch-fest.net\/wordpress\/wp-content\/uploads\/2017\/04\/Medaillenregen.jpg?fit=1181%2C788&amp;ssl=1\" data-orig-size=\"1181,788\" data-comments-opened=\"1\" data-image-meta=\"{&quot;aperture&quot;:&quot;4.5&quot;,&quot;credit&quot;:&quot;&quot;,&quot;camera&quot;:&quot;Canon EOS 1000D&quot;,&quot;caption&quot;:&quot;&quot;,&quot;created_timestamp&quot;:&quot;1330690971&quot;,&quot;copyright&quot;:&quot;&quot;,&quot;focal_length&quot;:&quot;33&quot;,&quot;iso&quot;:&quot;400&quot;,&quot;shutter_speed&quot;:&quot;0.016666666666667&quot;,&quot;title&quot;:&quot;&quot;,&quot;orientation&quot;:&quot;1&quot;}\" data-image-title=\"Medaillenregen\" data-image-description=\"\" data-image-caption=\"\" data-medium-file=\"https:\/\/i0.wp.com\/www.fisch-fest.net\/wordpress\/wp-content\/uploads\/2017\/04\/Medaillenregen.jpg?fit=300%2C200&amp;ssl=1\" data-large-file=\"https:\/\/i0.wp.com\/www.fisch-fest.net\/wordpress\/wp-content\/uploads\/2017\/04\/Medaillenregen.jpg?fit=863%2C576&amp;ssl=1\" \/>\t\t\t\t\t<\/div>\n\t\t\t\t\t\t\t\t\t<\/div>\n\t\t\t<\/div>\n\t\t\t\t\t<\/li>\n\t\t\t\t<li class=\"sow-slider-image\" style=\"visibility: hidden;;background-color: #19398c\" >\n\t\t\t\t\t\t<div class=\"sow-slider-image-container\">\n\t\t\t\t<div class=\"sow-slider-image-wrapper\" style=\"max-width: 675px\">\n\t\t\t\t\t\t\t\t\t\t<div class=\"sow-slider-image-foreground-wrapper\">\n\t\t\t\t\t\t<img decoding=\"async\" width=\"675\" height=\"506\" src=\"https:\/\/i0.wp.com\/www.fisch-fest.net\/wordpress\/wp-content\/uploads\/2017\/04\/7669196006.jpg?fit=675%2C506&amp;ssl=1\" class=\"sow-slider-foreground-image skip-lazy\" alt=\"\" loading=\"eager\" style=\"\" srcset=\"https:\/\/i0.wp.com\/www.fisch-fest.net\/wordpress\/wp-content\/uploads\/2017\/04\/7669196006.jpg?w=675&amp;ssl=1 675w, https:\/\/i0.wp.com\/www.fisch-fest.net\/wordpress\/wp-content\/uploads\/2017\/04\/7669196006.jpg?resize=300%2C225&amp;ssl=1 300w, https:\/\/i0.wp.com\/www.fisch-fest.net\/wordpress\/wp-content\/uploads\/2017\/04\/7669196006.jpg?resize=400%2C300&amp;ssl=1 400w\" sizes=\"(max-width: 675px) 100vw, 675px\" data-attachment-id=\"694\" data-permalink=\"https:\/\/www.fisch-fest.net\/wordpress\/fischfest\/_7669196006\/\" data-orig-file=\"https:\/\/i0.wp.com\/www.fisch-fest.net\/wordpress\/wp-content\/uploads\/2017\/04\/7669196006.jpg?fit=675%2C506&amp;ssl=1\" data-orig-size=\"675,506\" data-comments-opened=\"1\" data-image-meta=\"{&quot;aperture&quot;:&quot;0&quot;,&quot;credit&quot;:&quot;&quot;,&quot;camera&quot;:&quot;&quot;,&quot;caption&quot;:&quot;&quot;,&quot;created_timestamp&quot;:&quot;0&quot;,&quot;copyright&quot;:&quot;&quot;,&quot;focal_length&quot;:&quot;0&quot;,&quot;iso&quot;:&quot;0&quot;,&quot;shutter_speed&quot;:&quot;0&quot;,&quot;title&quot;:&quot;&quot;,&quot;orientation&quot;:&quot;1&quot;}\" data-image-title=\"_7669196006\" data-image-description=\"\" data-image-caption=\"\" data-medium-file=\"https:\/\/i0.wp.com\/www.fisch-fest.net\/wordpress\/wp-content\/uploads\/2017\/04\/7669196006.jpg?fit=300%2C225&amp;ssl=1\" data-large-file=\"https:\/\/i0.wp.com\/www.fisch-fest.net\/wordpress\/wp-content\/uploads\/2017\/04\/7669196006.jpg?fit=675%2C506&amp;ssl=1\" \/>\t\t\t\t\t<\/div>\n\t\t\t\t\t\t\t\t\t<\/div>\n\t\t\t<\/div>\n\t\t\t\t\t<\/li>\n\t\t\t\t<li class=\"sow-slider-image\" style=\"visibility: hidden;;background-color: #19398c\" >\n\t\t\t\t\t\t<div class=\"sow-slider-image-container\">\n\t\t\t\t<div class=\"sow-slider-image-wrapper\" style=\"max-width: 506px\">\n\t\t\t\t\t\t\t\t\t\t<div class=\"sow-slider-image-foreground-wrapper\">\n\t\t\t\t\t\t<img decoding=\"async\" width=\"506\" height=\"675\" src=\"https:\/\/i0.wp.com\/www.fisch-fest.net\/wordpress\/wp-content\/uploads\/2017\/04\/4127159861.jpg?fit=506%2C675&amp;ssl=1\" class=\"sow-slider-foreground-image skip-lazy\" alt=\"\" loading=\"eager\" style=\"\" srcset=\"https:\/\/i0.wp.com\/www.fisch-fest.net\/wordpress\/wp-content\/uploads\/2017\/04\/4127159861.jpg?w=506&amp;ssl=1 506w, https:\/\/i0.wp.com\/www.fisch-fest.net\/wordpress\/wp-content\/uploads\/2017\/04\/4127159861.jpg?resize=225%2C300&amp;ssl=1 225w\" sizes=\"(max-width: 506px) 100vw, 506px\" data-attachment-id=\"652\" data-permalink=\"https:\/\/www.fisch-fest.net\/wordpress\/fischfest\/_4127159861\/\" data-orig-file=\"https:\/\/i0.wp.com\/www.fisch-fest.net\/wordpress\/wp-content\/uploads\/2017\/04\/4127159861.jpg?fit=506%2C675&amp;ssl=1\" data-orig-size=\"506,675\" data-comments-opened=\"1\" data-image-meta=\"{&quot;aperture&quot;:&quot;0&quot;,&quot;credit&quot;:&quot;&quot;,&quot;camera&quot;:&quot;&quot;,&quot;caption&quot;:&quot;&quot;,&quot;created_timestamp&quot;:&quot;0&quot;,&quot;copyright&quot;:&quot;&quot;,&quot;focal_length&quot;:&quot;0&quot;,&quot;iso&quot;:&quot;0&quot;,&quot;shutter_speed&quot;:&quot;0&quot;,&quot;title&quot;:&quot;&quot;,&quot;orientation&quot;:&quot;1&quot;}\" data-image-title=\"_4127159861\" data-image-description=\"\" data-image-caption=\"\" data-medium-file=\"https:\/\/i0.wp.com\/www.fisch-fest.net\/wordpress\/wp-content\/uploads\/2017\/04\/4127159861.jpg?fit=225%2C300&amp;ssl=1\" data-large-file=\"https:\/\/i0.wp.com\/www.fisch-fest.net\/wordpress\/wp-content\/uploads\/2017\/04\/4127159861.jpg?fit=506%2C675&amp;ssl=1\" \/>\t\t\t\t\t<\/div>\n\t\t\t\t\t\t\t\t\t<\/div>\n\t\t\t<\/div>\n\t\t\t\t\t<\/li>\n\t\t<\/ul>\t\t\t\t<ol class=\"sow-slider-pagination\">\n\t\t\t\t\t\t\t\t\t\t\t<li><a href=\"#\" data-goto=\"0\" aria-label=\"display slide 1\"><\/a><\/li>\n\t\t\t\t\t\t\t\t\t\t\t<li><a href=\"#\" data-goto=\"1\" aria-label=\"display slide 2\"><\/a><\/li>\n\t\t\t\t\t\t\t\t\t\t\t<li><a href=\"#\" data-goto=\"2\" aria-label=\"display slide 3\"><\/a><\/li>\n\t\t\t\t\t\t\t\t\t\t\t<li><a href=\"#\" data-goto=\"3\" aria-label=\"display slide 4\"><\/a><\/li>\n\t\t\t\t\t\t\t\t\t<\/ol>\n\n\t\t\t\t<div class=\"sow-slide-nav sow-slide-nav-next\">\n\t\t\t\t\t<a href=\"#\" data-goto=\"next\" aria-label=\"next slide\" data-action=\"next\">\n\t\t\t\t\t\t<em class=\"sow-sld-icon-thin-right\"><\/em>\n\t\t\t\t\t<\/a>\n\t\t\t\t<\/div>\n\n\t\t\t\t<div class=\"sow-slide-nav sow-slide-nav-prev\">\n\t\t\t\t\t<a href=\"#\" data-goto=\"previous\" aria-label=\"previous slide\" data-action=\"prev\">\n\t\t\t\t\t\t<em class=\"sow-sld-icon-thin-left\"><\/em>\n\t\t\t\t\t<\/a>\n\t\t\t\t<\/div>\n\t\t\t\t<\/div><\/div><\/div><\/div><\/div><\/div>","protected":false},"excerpt":{"rendered":"<p>Andreas Pinter \u00a0&#8211; &#8222;Der Fischer&#8220; Das Thema Fisch begleitet mich seit meiner fr\u00fchesten Kindheit. Ich liebe die Natur und arbeite gerne mit Menschen, gehe auf Menschen zu und f\u00fchle mich als Gastgeber und Organisator besonders wohl.Bereits in meiner Kindheit verbrachte ich mehr Stunden in der K\u00fcche als vor dem Fernseher und meine Lieblingssendung war nat\u00fcrlich &hellip; <a href=\"https:\/\/www.fisch-fest.net\/wordpress\/fischer\/\" class=\"more-link\"><span class=\"screen-reader-text\">Der Fischer<\/span> weiterlesen<\/a><\/p>\n","protected":false},"author":1,"featured_media":0,"parent":0,"menu_order":1,"comment_status":"closed","ping_status":"closed","template":"","meta":{"jetpack_post_was_ever_published":false,"footnotes":""},"class_list":["post-758","page","type-page","status-publish","hentry"],"jetpack_sharing_enabled":true,"jetpack_shortlink":"https:\/\/wp.me\/P8BrCw-ce","jetpack-related-posts":[{"id":608,"url":"https:\/\/www.fisch-fest.net\/wordpress\/","url_meta":{"origin":758,"position":0},"title":"Fisch&#038;Fest","date":"8. April 2017","format":false,"excerpt":"Alle Informationen zu unseren \u00d6ffnungszeiten finden Sie im Veranstaltungskalender \u00a0 Fisch in seiner besten Form Heimische S\u00fc\u00dfwasserfische gelten als besonders schmackhaft und sind zudem eine gesunde Sache! Genie\u00dfen Sie Fische von heimischen Fischz\u00fcchtern, denen Ihre Fische und unsere Umwelt besonders am Herzen liegen. Leidenschaftliche Fischliebhaber und Fischkenner sind hier richtig!\u2026","rel":"","context":"\u00c4hnlicher Beitrag","img":{"alt_text":"","src":"","width":0,"height":0},"classes":[]},{"id":1142,"url":"https:\/\/www.fisch-fest.net\/wordpress\/produkte\/frischfisch\/","url_meta":{"origin":758,"position":1},"title":"Frischfisch","date":"9. April 2017","format":false,"excerpt":"Fisch in seiner besten\u00a0Art Leidenschaftliche Fischliebhaber und Fischkenner sind hier richtig! Sie werden von der Qualit\u00e4t begeistert sein! Probieren Sie die Spezialit\u00e4ten, Filets und ganzen Fische von Andreas Pinter. Egal ob ger\u00e4uchert oder f\u00fcr die Bratpfanne, diese Qualit\u00e4t wird Sie \u00fcberzeugen! Bei Fisch&Fest z\u00e4hlt Handarbeit! Die Fische werden noch von\u2026","rel":"","context":"\u00c4hnlicher Beitrag","img":{"alt_text":"Frischfisch gebraten","src":"https:\/\/i0.wp.com\/www.fisch-fest.net\/wordpress\/wp-content\/uploads\/2017\/04\/9838788236.jpg?resize=350%2C200","width":350,"height":200},"classes":[]},{"id":1265,"url":"https:\/\/www.fisch-fest.net\/wordpress\/produkte\/raeucherfisch\/","url_meta":{"origin":758,"position":2},"title":"R\u00e4ucherfisch","date":"9. April 2017","format":false,"excerpt":"Fisch in seiner besten\u00a0Art Leidenschaftliche Fischliebhaber und Fischkenner sind hier richtig! Sie werden von der Qualit\u00e4t begeistert sein! Probieren Sie die Spezialit\u00e4ten, Filets und ganzen Fische von Andreas Pinter. Egal ob ger\u00e4uchert oder f\u00fcr die Bratpfanne, diese Qualit\u00e4t wird Sie \u00fcberzeugen! Bei Fisch&Fest z\u00e4hlt Handarbeit! Die Fische werden noch von\u2026","rel":"","context":"\u00c4hnlicher Beitrag","img":{"alt_text":"Frischfisch gebraten","src":"https:\/\/i0.wp.com\/www.fisch-fest.net\/wordpress\/wp-content\/uploads\/2017\/04\/9838788236.jpg?resize=350%2C200","width":350,"height":200},"classes":[]},{"id":2362,"url":"https:\/\/www.fisch-fest.net\/wordpress\/veranstaltung\/wochenmarkt-marchtrenk\/","url_meta":{"origin":758,"position":3},"title":"Wochenmarkt Marchtrenk","date":"12. April 2017","format":false,"excerpt":"Der Wochenmarkt in Marchtrenk am Samstag von 8:15 bis 11:30 Uhr bietet ein frisches und regionales Angebot von Fischprodukten. (14-Tage-Rhythmus) Nat\u00fcrlich finden Sie bei diesem beliebten Markt noch viele weitere Angebote vom Speck bis zum Brot uvm. Ein Besuch wird Sie vom Angebot \u00fcberzeugen. Ich freue mich in einem 14-Tage-Rhythmus\u2026","rel":"","context":"\u00c4hnlicher Beitrag","img":{"alt_text":"","src":"","width":0,"height":0},"classes":[]},{"id":1501,"url":"https:\/\/www.fisch-fest.net\/wordpress\/produkte\/spezialitaeten\/","url_meta":{"origin":758,"position":4},"title":"Spezialit\u00e4ten","date":"9. April 2017","format":false,"excerpt":"Mousse vom R\u00e4ucherfisch Das fluffig elegante R\u00e4ucherfischmousse sollte auf keiner eleganten Fischplatte fehlen. Der einzigartig hervorragende Geschmack wird in Ihnen das Verlangen nach mehr hervorrufen. Tauchen Sie ein in die berauschende Welt des Fischgenusses. R\u00e4ucherfischtatare Die besondere Art des Fischgenusses. Das R\u00e4ucherfischtartare wird Ihnen eine andere Welt des Fischgenusses pr\u00e4sentieren.\u2026","rel":"","context":"\u00c4hnlicher Beitrag","img":{"alt_text":"Mousse vom R\u00c3\u00a4ucherfisch","src":"https:\/\/i0.wp.com\/www.fisch-fest.net\/wordpress\/wp-content\/uploads\/2017\/04\/5860287713-4-1-1.jpg?resize=350%2C200","width":350,"height":200},"classes":[]},{"id":2236,"url":"https:\/\/www.fisch-fest.net\/wordpress\/veranstaltung\/wochenmarkt-amstetten\/","url_meta":{"origin":758,"position":5},"title":"Wochenmarkt Amstetten","date":"12. April 2017","format":false,"excerpt":"Der Wochenmarkt in Amstetten bietet jeden Donnerstag von 7:30 bis 11:45 Uhr ein frisches und regionales Angebot von Fischprodukten. Der Markt findet in der Fu\u00dfg\u00e4ngerzone am Hauptplatz in Amstetten statt. Nat\u00fcrlich finden Sie bei diesem beliebten Markt noch viele weitere Angebote vom Speck bis zum Brot uvm. Ein Besuch wird\u2026","rel":"","context":"\u00c4hnlicher Beitrag","img":{"alt_text":"","src":"","width":0,"height":0},"classes":[]}],"_links":{"self":[{"href":"https:\/\/www.fisch-fest.net\/wordpress\/wp-json\/wp\/v2\/pages\/758","targetHints":{"allow":["GET"]}}],"collection":[{"href":"https:\/\/www.fisch-fest.net\/wordpress\/wp-json\/wp\/v2\/pages"}],"about":[{"href":"https:\/\/www.fisch-fest.net\/wordpress\/wp-json\/wp\/v2\/types\/page"}],"author":[{"embeddable":true,"href":"https:\/\/www.fisch-fest.net\/wordpress\/wp-json\/wp\/v2\/users\/1"}],"replies":[{"embeddable":true,"href":"https:\/\/www.fisch-fest.net\/wordpress\/wp-json\/wp\/v2\/comments?post=758"}],"version-history":[{"count":1,"href":"https:\/\/www.fisch-fest.net\/wordpress\/wp-json\/wp\/v2\/pages\/758\/revisions"}],"predecessor-version":[{"id":991,"href":"https:\/\/www.fisch-fest.net\/wordpress\/wp-json\/wp\/v2\/pages\/758\/revisions\/991"}],"wp:attachment":[{"href":"https:\/\/www.fisch-fest.net\/wordpress\/wp-json\/wp\/v2\/media?parent=758"}],"curies":[{"name":"wp","href":"https:\/\/api.w.org\/{rel}","templated":true}]}}