{"id":369,"date":"2013-04-17T12:13:12","date_gmt":"2013-04-17T12:13:12","guid":{"rendered":"http:\/\/www.fisch-fest.net\/wordpress\/?page_id=369"},"modified":"2013-08-25T17:10:31","modified_gmt":"2013-08-25T17:10:31","slug":"steckerlfische-beim-tag-der-offenen-tur-bei-firma-biokompakt-heiztechnik-gmbh","status":"publish","type":"page","link":"https:\/\/www.fisch-fest.net\/wordpress\/news\/steckerlfische-beim-tag-der-offenen-tur-bei-firma-biokompakt-heiztechnik-gmbh\/","title":{"rendered":"Steckerlfische beim Tag der offenen T\u00fcr bei Firma Biokompakt Heiztechnik"},"content":{"rendered":"<p dir=\"ltr\" align=\"center\">Die Firma Biokompakt Heiztechnik GmbH und Andreas Pinter verk\u00fcndete erfreut, dass am <strong>3. und 4. Mai 2013<\/strong> die Nahversorgertage (<strong><em>Tag der offenen T\u00fcr<\/em><\/strong>)<br \/>\nin <strong>4381 St. Nikola, Sattl 11<\/strong> stattfinden.<\/p>\n<p dir=\"ltr\" align=\"justify\"><a href=\"https:\/\/i0.wp.com\/www.fisch-fest.net\/wordpress\/wp-content\/uploads\/2013\/04\/Graspellets-kompr.jpg?ssl=1\"><img loading=\"lazy\" decoding=\"async\" data-attachment-id=\"373\" data-permalink=\"https:\/\/www.fisch-fest.net\/wordpress\/news\/steckerlfische-beim-tag-der-offenen-tur-bei-firma-biokompakt-heiztechnik-gmbh\/young-beautiful-woman-with-gras-pellets-2\/\" data-orig-file=\"https:\/\/i0.wp.com\/www.fisch-fest.net\/wordpress\/wp-content\/uploads\/2013\/04\/Graspellets-kompr.jpg?fit=1571%2C2356&amp;ssl=1\" data-orig-size=\"1571,2356\" data-comments-opened=\"1\" data-image-meta=\"{&quot;aperture&quot;:&quot;0&quot;,&quot;credit&quot;:&quot;\\u00a9 Knut Wiarda - Fotolia.com&quot;,&quot;camera&quot;:&quot;&quot;,&quot;caption&quot;:&quot;&quot;,&quot;created_timestamp&quot;:&quot;0&quot;,&quot;copyright&quot;:&quot;Knut Wiarda - Fotolia&quot;,&quot;focal_length&quot;:&quot;0&quot;,&quot;iso&quot;:&quot;0&quot;,&quot;shutter_speed&quot;:&quot;0&quot;,&quot;title&quot;:&quot;young beautiful woman with gras pellets&quot;}\" data-image-title=\"Gras Pellets\" data-image-description=\"&lt;p&gt;Foto: Biokompakt\/Fotolia&lt;\/p&gt;\n\" data-image-caption=\"\" data-medium-file=\"https:\/\/i0.wp.com\/www.fisch-fest.net\/wordpress\/wp-content\/uploads\/2013\/04\/Graspellets-kompr.jpg?fit=200%2C300&amp;ssl=1\" data-large-file=\"https:\/\/i0.wp.com\/www.fisch-fest.net\/wordpress\/wp-content\/uploads\/2013\/04\/Graspellets-kompr.jpg?fit=682%2C1024&amp;ssl=1\" class=\"alignleft  wp-image-373\" title=\"Gras Pellets\" alt=\"Junge Frau mit Graspellets\" src=\"https:\/\/i0.wp.com\/www.fisch-fest.net\/wordpress\/wp-content\/uploads\/2013\/04\/Graspellets-kompr.jpg?resize=96%2C144&#038;ssl=1\" width=\"96\" height=\"144\" srcset=\"https:\/\/i0.wp.com\/www.fisch-fest.net\/wordpress\/wp-content\/uploads\/2013\/04\/Graspellets-kompr.jpg?resize=200%2C300&amp;ssl=1 200w, https:\/\/i0.wp.com\/www.fisch-fest.net\/wordpress\/wp-content\/uploads\/2013\/04\/Graspellets-kompr.jpg?resize=682%2C1024&amp;ssl=1 682w, https:\/\/i0.wp.com\/www.fisch-fest.net\/wordpress\/wp-content\/uploads\/2013\/04\/Graspellets-kompr.jpg?w=1571&amp;ssl=1 1571w\" sizes=\"auto, (max-width: 96px) 100vw, 96px\" data-recalc-dims=\"1\" \/><\/a>Bei dieser Gelegenheit <strong>luden wir<\/strong> alle Freunde der Biomasse <strong>herzlich ein<\/strong> die Produktionshallen und den Kesselpr\u00fcfstand der Firma Biokompakt Heiztechnik GmbH am Standort 4381 St. Nikola, Sattl 11 zu besichtigen.<\/p>\n<p>Mitarbeiter stellten die Produkte und Dienstleistungen n\u00e4her vor und beantwortetrn gerne Ihre Fragen zu den\u00a0 Biomasseheizanlagen.<\/p>\n<p><a href=\"https:\/\/i0.wp.com\/www.fisch-fest.net\/wordpress\/wp-content\/uploads\/2012\/05\/Steckerlfisch3.jpg?ssl=1\"><img loading=\"lazy\" decoding=\"async\" data-attachment-id=\"308\" data-permalink=\"https:\/\/www.fisch-fest.net\/wordpress\/news\/gartenfreuden-2012-4-6-mai-burg-perchtoldsdorf-3-2\/steckerlfisch3-2-2-2\/\" data-orig-file=\"https:\/\/i0.wp.com\/www.fisch-fest.net\/wordpress\/wp-content\/uploads\/2012\/05\/Steckerlfisch3.jpg?fit=2016%2C1314&amp;ssl=1\" data-orig-size=\"2016,1314\" data-comments-opened=\"1\" data-image-meta=\"{&quot;aperture&quot;:&quot;2.8&quot;,&quot;credit&quot;:&quot;&quot;,&quot;camera&quot;:&quot;DSC-P72&quot;,&quot;caption&quot;:&quot;&quot;,&quot;created_timestamp&quot;:&quot;1247338729&quot;,&quot;copyright&quot;:&quot;&quot;,&quot;focal_length&quot;:&quot;6&quot;,&quot;iso&quot;:&quot;100&quot;,&quot;shutter_speed&quot;:&quot;0.005&quot;,&quot;title&quot;:&quot;&quot;}\" data-image-title=\"Steckerlfische\" data-image-description=\"\" data-image-caption=\"\" data-medium-file=\"https:\/\/i0.wp.com\/www.fisch-fest.net\/wordpress\/wp-content\/uploads\/2012\/05\/Steckerlfisch3.jpg?fit=300%2C195&amp;ssl=1\" data-large-file=\"https:\/\/i0.wp.com\/www.fisch-fest.net\/wordpress\/wp-content\/uploads\/2012\/05\/Steckerlfisch3.jpg?fit=863%2C562&amp;ssl=1\" class=\"alignright  wp-image-308\" title=\"Steckerlfische\" alt=\"Steckerlfische\" src=\"https:\/\/i0.wp.com\/www.fisch-fest.net\/wordpress\/wp-content\/uploads\/2012\/05\/Steckerlfisch3.jpg?resize=210%2C137&#038;ssl=1\" width=\"210\" height=\"137\" srcset=\"https:\/\/i0.wp.com\/www.fisch-fest.net\/wordpress\/wp-content\/uploads\/2012\/05\/Steckerlfisch3.jpg?resize=300%2C195&amp;ssl=1 300w, https:\/\/i0.wp.com\/www.fisch-fest.net\/wordpress\/wp-content\/uploads\/2012\/05\/Steckerlfisch3.jpg?resize=1024%2C667&amp;ssl=1 1024w, https:\/\/i0.wp.com\/www.fisch-fest.net\/wordpress\/wp-content\/uploads\/2012\/05\/Steckerlfisch3.jpg?resize=460%2C300&amp;ssl=1 460w, https:\/\/i0.wp.com\/www.fisch-fest.net\/wordpress\/wp-content\/uploads\/2012\/05\/Steckerlfisch3.jpg?w=2016&amp;ssl=1 2016w, https:\/\/i0.wp.com\/www.fisch-fest.net\/wordpress\/wp-content\/uploads\/2012\/05\/Steckerlfisch3.jpg?w=1726&amp;ssl=1 1726w\" sizes=\"auto, (max-width: 210px) 100vw, 210px\" data-recalc-dims=\"1\" \/><\/a><br \/>\nAls besonderes <strong>Highlight<\/strong> bietete die Firma\u00a0Fisch&amp;Fest\u00a0<strong>Saiblinge aus dem Aisttal am Steckerl gebraten<\/strong> und <strong>Erfrischungsgetr\u00e4nke<\/strong> an.<\/p>\n<p>Jeweils am Freitag und am Samstag findeten f\u00fcr unsere kleinen G\u00e4ste ca. um <strong>14.00 Uhr<\/strong> ein <strong>Luftballonweitfliegen<\/strong> statt. Bei diesem winkte ein toller Preise f\u00fcr jenes Kind, dessen Luftballon die l\u00e4ngste Wegstrecke hinter sich lie\u00df.<\/p>\n<figure id=\"attachment_375\" aria-describedby=\"caption-attachment-375\" style=\"width: 240px\" class=\"wp-caption alignleft\"><a href=\"https:\/\/i0.wp.com\/www.fisch-fest.net\/wordpress\/wp-content\/uploads\/2013\/04\/DSC_5985-1-kompr.jpg?ssl=1\"><img loading=\"lazy\" decoding=\"async\" data-attachment-id=\"375\" data-permalink=\"https:\/\/www.fisch-fest.net\/wordpress\/news\/steckerlfische-beim-tag-der-offenen-tur-bei-firma-biokompakt-heiztechnik-gmbh\/dsc_5985-1-kompr\/\" data-orig-file=\"https:\/\/i0.wp.com\/www.fisch-fest.net\/wordpress\/wp-content\/uploads\/2013\/04\/DSC_5985-1-kompr.jpg?fit=2105%2C1579&amp;ssl=1\" data-orig-size=\"2105,1579\" data-comments-opened=\"1\" data-image-meta=\"{&quot;aperture&quot;:&quot;6.3&quot;,&quot;credit&quot;:&quot;&quot;,&quot;camera&quot;:&quot;NIKON D300&quot;,&quot;caption&quot;:&quot;&quot;,&quot;created_timestamp&quot;:&quot;1305996650&quot;,&quot;copyright&quot;:&quot;&quot;,&quot;focal_length&quot;:&quot;300&quot;,&quot;iso&quot;:&quot;320&quot;,&quot;shutter_speed&quot;:&quot;0.001&quot;,&quot;title&quot;:&quot;&quot;}\" data-image-title=\"Modellhubschrauber\" data-image-description=\"\" data-image-caption=\"\" data-medium-file=\"https:\/\/i0.wp.com\/www.fisch-fest.net\/wordpress\/wp-content\/uploads\/2013\/04\/DSC_5985-1-kompr.jpg?fit=300%2C225&amp;ssl=1\" data-large-file=\"https:\/\/i0.wp.com\/www.fisch-fest.net\/wordpress\/wp-content\/uploads\/2013\/04\/DSC_5985-1-kompr.jpg?fit=863%2C647&amp;ssl=1\" class=\" wp-image-375\" title=\"Modellhubschrauber\" alt=\"Modellhubschrauber von Raimund Gerlinger\" src=\"https:\/\/i0.wp.com\/www.fisch-fest.net\/wordpress\/wp-content\/uploads\/2013\/04\/DSC_5985-1-kompr.jpg?resize=240%2C180&#038;ssl=1\" width=\"240\" height=\"180\" srcset=\"https:\/\/i0.wp.com\/www.fisch-fest.net\/wordpress\/wp-content\/uploads\/2013\/04\/DSC_5985-1-kompr.jpg?resize=300%2C225&amp;ssl=1 300w, https:\/\/i0.wp.com\/www.fisch-fest.net\/wordpress\/wp-content\/uploads\/2013\/04\/DSC_5985-1-kompr.jpg?resize=1024%2C768&amp;ssl=1 1024w, https:\/\/i0.wp.com\/www.fisch-fest.net\/wordpress\/wp-content\/uploads\/2013\/04\/DSC_5985-1-kompr.jpg?resize=399%2C300&amp;ssl=1 399w, https:\/\/i0.wp.com\/www.fisch-fest.net\/wordpress\/wp-content\/uploads\/2013\/04\/DSC_5985-1-kompr.jpg?w=1726&amp;ssl=1 1726w\" sizes=\"auto, (max-width: 240px) 100vw, 240px\" data-recalc-dims=\"1\" \/><\/a><figcaption id=\"caption-attachment-375\" class=\"wp-caption-text\">Fotos: Biokompakt\/Gerlinger\/Pinter\/Fotolia<\/figcaption><\/figure>\n<p>Um <strong>15.00 Uhr<\/strong> war eine <strong>Modellhubschrauber-Flugshow<\/strong> der Sonderklasse und f\u00fcr unsere j\u00fcngsten Zuschauer regnete es Zuckerl aus hohen L\u00fcften. Ebenso erwartete Sie ein <strong>Sch\u00e4tzspiel<\/strong> f\u00fcr findige Denker und eine <strong>Kindermalecke<\/strong>.<\/p>\n<p><a title=\"Termine Steckerlfische\" href=\"https:\/\/www.fisch-fest.net\/wordpress\/?page_id=234\"><a title=\"News und Veranstaltungskalender\" href=\"https:\/\/www.fisch-fest.net\/wordpress\/?page_id=56\">zur\u00fcck<\/a><\/a><\/p>\n<p dir=\"ltr\" align=\"center\">\n","protected":false},"excerpt":{"rendered":"<p>Die Firma Biokompakt Heiztechnik GmbH und Andreas Pinter verk\u00fcndete erfreut, dass am 3. und 4. Mai 2013 die Nahversorgertage (Tag der offenen T\u00fcr) in 4381 St. Nikola, Sattl 11 stattfinden. Bei dieser Gelegenheit luden wir alle Freunde der Biomasse herzlich ein die Produktionshallen und den Kesselpr\u00fcfstand der Firma Biokompakt Heiztechnik GmbH am Standort 4381 St. &hellip; <a href=\"https:\/\/www.fisch-fest.net\/wordpress\/news\/steckerlfische-beim-tag-der-offenen-tur-bei-firma-biokompakt-heiztechnik-gmbh\/\" class=\"more-link\"><span class=\"screen-reader-text\">Steckerlfische beim Tag der offenen T\u00fcr bei Firma Biokompakt Heiztechnik<\/span> weiterlesen<\/a><\/p>\n","protected":false},"author":1,"featured_media":0,"parent":56,"menu_order":1,"comment_status":"closed","ping_status":"open","template":"sidebar-page.php","meta":{"jetpack_post_was_ever_published":false,"footnotes":""},"class_list":["post-369","page","type-page","status-publish","hentry"],"jetpack_sharing_enabled":true,"jetpack_shortlink":"https:\/\/wp.me\/P8BrCw-5X","jetpack-related-posts":[{"id":403,"url":"https:\/\/www.fisch-fest.net\/wordpress\/news\/anfahrtsplan-biokompakt-heiztechnik-gmbh-4381-st-nikola-sattl-11\/","url_meta":{"origin":369,"position":0},"title":"Anfahrtsplan (Biokompakt Heiztechnik GmbH \/ 4381 St. Nikola, Sattl 11)","date":"18. April 2013","format":false,"excerpt":"Wir freuen uns Sie begr\u00fc\u00dfen zu d\u00fcrfen! Gr\u00f6\u00dfere Kartenansicht\u00a0\u00a0\u00a0\u00a0\u00a0\u00a0\u00a0\u00a0\u00a0\u00a0\u00a0\u00a0\u00a0\u00a0\u00a0\u00a0\u00a0\u00a0\u00a0\u00a0\u00a0\u00a0\u00a0\u00a0\u00a0\u00a0\u00a0\u00a0\u00a0\u00a0\u00a0\u00a0\u00a0\u00a0\u00a0\u00a0\u00a0\u00a0\u00a0\u00a0\u00a0\u00a0\u00a0\u00a0\u00a0\u00a0\u00a0\u00a0\u00a0\u00a0\u00a0\u00a0\u00a0\u00a0zur\u00fcck","rel":"","context":"\u00c4hnlicher Beitrag","img":{"alt_text":"","src":"","width":0,"height":0},"classes":[]},{"id":1863,"url":"https:\/\/www.fisch-fest.net\/wordpress\/impressum\/","url_meta":{"origin":369,"position":1},"title":"Impressum","date":"9. April 2017","format":false,"excerpt":"Andreas Pinter Hirschenau 27 4381 St. Nikola Tel.: 0650 52 66 000 E-Mail: andreas.pinter@fisch-fest.at Unternehmensgegenstand: Handel mit Fischspezialit\u00e4ten und Catering Firmensitz: St. Nikola \/ Donau Beh\u00f6rde gem. ECG: Bezirkshauptmannschaft Perg Rechtsform: Einzelfirma Datenschutzerkl\u00e4rung: https:\/\/www.fisch-fest.net\/wordpress\/datenschutzerklaerung\/","rel":"","context":"\u00c4hnlicher Beitrag","img":{"alt_text":"","src":"","width":0,"height":0},"classes":[]},{"id":6,"url":"https:\/\/www.fisch-fest.net\/wordpress\/fisch_und_fest_kontaktformular\/","url_meta":{"origin":369,"position":2},"title":"Kontaktformular","date":"22. Oktober 2011","format":false,"excerpt":"Hier haben Sie die M\u00f6glichkeit mit uns in Verbindung zu treten. Senden Sie uns eine Mail, wir freuen uns \u00fcber jeden Kontakt und werden Ihre Fragen und Anliegen so schnell als m\u00f6glich beantworten. Unsere Postanschrift lautet: Andreas Pinter Hirschenau 27 4382 St. Nikola an der Donau Telefonnummer: 0650 52 66\u2026","rel":"","context":"\u00c4hnlicher Beitrag","img":{"alt_text":"","src":"","width":0,"height":0},"classes":[]},{"id":2829,"url":"https:\/\/www.fisch-fest.net\/wordpress\/datenschutzerklaerung\/","url_meta":{"origin":369,"position":3},"title":"Datenschutzerkl\u00e4rung","date":"3. September 2022","format":false,"excerpt":"Wer wir sind Die Adresse unserer Website ist: https:\/\/www.fisch-fest.net\/wordpress.Die Adresse unseres Impressums ist: https:\/\/www.fisch-fest.net\/wordpress\/impressum\/Copyright-Erkl\u00e4rung: https:\/\/www.fisch-fest.net\/wordpress\/copyright\/ Kommentare Wenn Besucher Kommentare auf der Website schreiben, sammeln wir die Daten, die im Kommentar-Formular angezeigt werden, au\u00dferdem die IP-Adresse des Besuchers und den User-Agent-String (damit wird der Browser identifiziert), um die Erkennung von Spam\u2026","rel":"","context":"\u00c4hnlicher Beitrag","img":{"alt_text":"","src":"","width":0,"height":0},"classes":[]},{"id":29,"url":"https:\/\/www.fisch-fest.net\/wordpress\/fisch_und_fest_rezepte\/saibling-in-der-salzkruste\/","url_meta":{"origin":369,"position":4},"title":"Saibling in der Salzkruste","date":"22. Oktober 2011","format":false,"excerpt":"f\u00fcr 2 Portionen - Zubereitungszeit ca. 1 Std. Zutaten Saibling: frischer Bachsaibling ca. 70 dag k\u00fcchenfertig, Salz, Pfeffer aus der M\u00fchle, frische Kr\u00e4uter nach Belieben, Oliven\u00f6l, ca. 1,5 kg grobes Meersalz, 2 Eiwei\u00df, nach Bedarf Wasser Zutaten f\u00fcr Sauce: 5 EL Oliven\u00f6l, Zitronensaft, Kr\u00e4uter nach Belieben ( Petersilie, Basilikum, Thymian,\u2026","rel":"","context":"\u00c4hnlicher Beitrag","img":{"alt_text":"","src":"","width":0,"height":0},"classes":[]},{"id":56,"url":"https:\/\/www.fisch-fest.net\/wordpress\/news\/","url_meta":{"origin":369,"position":5},"title":"News","date":"23. Oktober 2011","format":false,"excerpt":"Alle Termine finden Sie in unserem Veranstaltungskalender Ehrungen Ab Hof 2013 \"Verleihung Fischkaiser\" Hier finden Sie vergangene Ereignisse! Fest der Sinne vom 22. bis 23. November in der Plus City in Pasching Genusslandstra\u00dfe vom 13. bis 14 September in der Linzer City Einkaufsnacht in Waidhofen am 30.08.2013 03.05. - 04.05.2013\u2026","rel":"","context":"\u00c4hnlicher Beitrag","img":{"alt_text":"","src":"","width":0,"height":0},"classes":[]}],"_links":{"self":[{"href":"https:\/\/www.fisch-fest.net\/wordpress\/wp-json\/wp\/v2\/pages\/369","targetHints":{"allow":["GET"]}}],"collection":[{"href":"https:\/\/www.fisch-fest.net\/wordpress\/wp-json\/wp\/v2\/pages"}],"about":[{"href":"https:\/\/www.fisch-fest.net\/wordpress\/wp-json\/wp\/v2\/types\/page"}],"author":[{"embeddable":true,"href":"https:\/\/www.fisch-fest.net\/wordpress\/wp-json\/wp\/v2\/users\/1"}],"replies":[{"embeddable":true,"href":"https:\/\/www.fisch-fest.net\/wordpress\/wp-json\/wp\/v2\/comments?post=369"}],"version-history":[{"count":35,"href":"https:\/\/www.fisch-fest.net\/wordpress\/wp-json\/wp\/v2\/pages\/369\/revisions"}],"predecessor-version":[{"id":484,"href":"https:\/\/www.fisch-fest.net\/wordpress\/wp-json\/wp\/v2\/pages\/369\/revisions\/484"}],"up":[{"embeddable":true,"href":"https:\/\/www.fisch-fest.net\/wordpress\/wp-json\/wp\/v2\/pages\/56"}],"wp:attachment":[{"href":"https:\/\/www.fisch-fest.net\/wordpress\/wp-json\/wp\/v2\/media?parent=369"}],"curies":[{"name":"wp","href":"https:\/\/api.w.org\/{rel}","templated":true}]}}