{"id":1623,"date":"2017-04-09T15:52:11","date_gmt":"2017-04-09T15:52:11","guid":{"rendered":"http:\/\/www.fisch-fest.net\/wordpress\/?page_id=1623"},"modified":"2017-04-09T15:52:11","modified_gmt":"2017-04-09T15:52:11","slug":"steckerlfisch","status":"publish","type":"page","link":"https:\/\/www.fisch-fest.net\/wordpress\/produkte\/steckerlfisch\/","title":{"rendered":"Steckerlfisch"},"content":{"rendered":"<div id=\"pl-1623\"  class=\"panel-layout\" ><div id=\"pg-1623-0\"  class=\"panel-grid panel-no-style\" ><div id=\"pgc-1623-0-0\"  class=\"panel-grid-cell\" ><div id=\"panel-1623-0-0-0\" class=\"so-panel widget widget_sow-editor panel-first-child panel-last-child\" data-index=\"0\" ><div\n\t\t\t\n\t\t\tclass=\"so-widget-sow-editor so-widget-sow-editor-base\"\n\t\t\t\n\t\t><h3 class=\"widget-title\">Steckerlfisch<\/h3>\n<div class=\"siteorigin-widget-tinymce textwidget\">\n\t<p>Ob f\u00fcr eine Grillparty im privaten Bereich, in der Gastronomie oder f\u00fcr die Firmenfeier. <\/p>\n<p>Unsere Steckerlfische werden Sie begeistern und erfreuen. <\/p>\n<p>Die gegrillte Gaumenfreude wird ein Geschmackserlebnis der besonderen Art.<\/p>\n<p>Trumpfen Sie mit Steckerlfische, das \"Ohhh\" wird sicherlich nicht lange auf sich warten lassen.<\/p>\n<\/div>\n<\/div><\/div><\/div><div id=\"pgc-1623-0-1\"  class=\"panel-grid-cell\" ><div id=\"panel-1623-0-1-0\" class=\"so-panel widget widget_sow-image panel-first-child panel-last-child\" data-index=\"1\" ><div\n\t\t\t\n\t\t\tclass=\"so-widget-sow-image so-widget-sow-image-default-d6014b76747a-1623\"\n\t\t\t\n\t\t>\n\n<div class=\"sow-image-container\">\n\t\t<img decoding=\"async\" src=\"https:\/\/i0.wp.com\/www.fisch-fest.net\/wordpress\/wp-content\/uploads\/2017\/04\/9668228560-4-1-1-1.jpg?fit=675%2C439&amp;ssl=1\" width=\"675\" height=\"439\" srcset=\"https:\/\/i0.wp.com\/www.fisch-fest.net\/wordpress\/wp-content\/uploads\/2017\/04\/9668228560-4-1-1-1.jpg?w=675&amp;ssl=1 675w, https:\/\/i0.wp.com\/www.fisch-fest.net\/wordpress\/wp-content\/uploads\/2017\/04\/9668228560-4-1-1-1.jpg?resize=300%2C195&amp;ssl=1 300w, https:\/\/i0.wp.com\/www.fisch-fest.net\/wordpress\/wp-content\/uploads\/2017\/04\/9668228560-4-1-1-1.jpg?resize=166%2C108&amp;ssl=1 166w\" title=\"Steckerlfisch\" alt=\"Steckerlfisch\" loading=\"lazy\" \t\tclass=\"so-widget-image\"\/>\n\t<\/div>\n\n<\/div><\/div><\/div><\/div><\/div>","protected":false},"excerpt":{"rendered":"<p>Ob f\u00fcr eine Grillparty im privaten Bereich, in der Gastronomie oder f\u00fcr die Firmenfeier. Unsere Steckerlfische werden Sie begeistern und erfreuen. Die gegrillte Gaumenfreude wird ein Geschmackserlebnis der besonderen Art.Trumpfen Sie mit Steckerlfische, das &#8222;Ohhh&#8220; wird sicherlich nicht lange auf sich warten lassen.<\/p>\n","protected":false},"author":1,"featured_media":0,"parent":1022,"menu_order":0,"comment_status":"closed","ping_status":"closed","template":"","meta":{"jetpack_post_was_ever_published":false,"footnotes":""},"class_list":["post-1623","page","type-page","status-publish","hentry"],"jetpack_sharing_enabled":true,"jetpack_shortlink":"https:\/\/wp.me\/P8BrCw-qb","jetpack-related-posts":[{"id":234,"url":"https:\/\/www.fisch-fest.net\/wordpress\/news\/termine-steckerlfisch\/","url_meta":{"origin":1623,"position":0},"title":"Termine Steckerlfische","date":"20. April 2012","format":false,"excerpt":"Unsere Steckerlfische sind eine Gaumenfreude und ein Geschmackserlebnis der besonderen Art. F\u00fcr unsere K\u00f6stlichkeiten verwenden wir\u00a0nur Saiblinge oder Forellen in h\u00f6chster Qualit\u00e4t.\u00a0Besuchen Sie uns und sie sind \u00fcberzeugt! \u00a0 Termin\u00fcbersicht: (siehe auch den Veranstaltungskalender) Wochenmarkt Waidhofen leider k\u00f6nnen wir zur Zeit keine Steckerlfische anbieten zur\u00fcck","rel":"","context":"\u00c4hnlicher Beitrag","img":{"alt_text":"","src":"","width":0,"height":0},"classes":[]},{"id":75,"url":"https:\/\/www.fisch-fest.net\/wordpress\/news\/25-september-2011-steckerlfisch-im-winkler-markt\/","url_meta":{"origin":1623,"position":1},"title":"25. September 2011 &#8211; Steckerlfisch im Winkler Markt","date":"23. Oktober 2011","format":false,"excerpt":"Das Nachbarschaftsfest im Winklermarkt war ein gro\u00dfer Erfolg. Besten Dank an Alle! Besonders gefreut haben wir uns \u00fcber das ausgezeichnete Feedback bez\u00fcglich unserer Steckerlfische! Wir freuen uns bereits wieder auf das n\u00e4chste Nachbarschaftsfest! Mit besten Dank Andreas Pinter\u00a0\u00a0\u00a0\u00a0\u00a0\u00a0\u00a0\u00a0\u00a0\u00a0\u00a0\u00a0\u00a0\u00a0\u00a0\u00a0\u00a0\u00a0\u00a0\u00a0\u00a0\u00a0\u00a0\u00a0\u00a0\u00a0\u00a0\u00a0\u00a0\u00a0\u00a0\u00a0\u00a0\u00a0\u00a0\u00a0\u00a0\u00a0\u00a0\u00a0\u00a0\u00a0\u00a0\u00a0\u00a0\u00a0\u00a0\u00a0\u00a0\u00a0\u00a0\u00a0\u00a0\u00a0\u00a0\u00a0\u00a0\u00a0\u00a0\u00a0\u00a0\u00a0\u00a0\u00a0\u00a0\u00a0\u00a0\u00a0\u00a0\u00a0\u00a0\u00a0\u00a0\u00a0\u00a0\u00a0\u00a0\u00a0\u00a0\u00a0\u00a0\u00a0 zur\u00fcck","rel":"","context":"\u00c4hnlicher Beitrag","img":{"alt_text":"","src":"","width":0,"height":0},"classes":[]},{"id":56,"url":"https:\/\/www.fisch-fest.net\/wordpress\/news\/","url_meta":{"origin":1623,"position":2},"title":"News","date":"23. Oktober 2011","format":false,"excerpt":"Alle Termine finden Sie in unserem Veranstaltungskalender Ehrungen Ab Hof 2013 \"Verleihung Fischkaiser\" Hier finden Sie vergangene Ereignisse! Fest der Sinne vom 22. bis 23. November in der Plus City in Pasching Genusslandstra\u00dfe vom 13. bis 14 September in der Linzer City Einkaufsnacht in Waidhofen am 30.08.2013 03.05. - 04.05.2013\u2026","rel":"","context":"\u00c4hnlicher Beitrag","img":{"alt_text":"","src":"","width":0,"height":0},"classes":[]},{"id":369,"url":"https:\/\/www.fisch-fest.net\/wordpress\/news\/steckerlfische-beim-tag-der-offenen-tur-bei-firma-biokompakt-heiztechnik-gmbh\/","url_meta":{"origin":1623,"position":3},"title":"Steckerlfische beim Tag der offenen T\u00fcr bei Firma Biokompakt Heiztechnik","date":"17. April 2013","format":false,"excerpt":"Die Firma Biokompakt Heiztechnik GmbH und Andreas Pinter verk\u00fcndete erfreut, dass am 3. und 4. Mai 2013 die Nahversorgertage (Tag der offenen T\u00fcr) in 4381 St. Nikola, Sattl 11 stattfinden. Bei dieser Gelegenheit luden wir alle Freunde der Biomasse herzlich ein die Produktionshallen und den Kesselpr\u00fcfstand der Firma Biokompakt Heiztechnik\u2026","rel":"","context":"\u00c4hnlicher Beitrag","img":{"alt_text":"","src":"","width":0,"height":0},"classes":[]},{"id":608,"url":"https:\/\/www.fisch-fest.net\/wordpress\/","url_meta":{"origin":1623,"position":4},"title":"Fisch&#038;Fest","date":"8. April 2017","format":false,"excerpt":"Alle Informationen zu unseren \u00d6ffnungszeiten finden Sie im Veranstaltungskalender \u00a0 Fisch in seiner besten Form Heimische S\u00fc\u00dfwasserfische gelten als besonders schmackhaft und sind zudem eine gesunde Sache! Genie\u00dfen Sie Fische von heimischen Fischz\u00fcchtern, denen Ihre Fische und unsere Umwelt besonders am Herzen liegen. Leidenschaftliche Fischliebhaber und Fischkenner sind hier richtig!\u2026","rel":"","context":"\u00c4hnlicher Beitrag","img":{"alt_text":"","src":"","width":0,"height":0},"classes":[]},{"id":758,"url":"https:\/\/www.fisch-fest.net\/wordpress\/fischer\/","url_meta":{"origin":1623,"position":5},"title":"Der Fischer","date":"9. April 2017","format":false,"excerpt":"Fisch in seiner besten\u00a0Art Leidenschaftliche Fischliebhaber und Fischkenner sind hier richtig! Sie werden von der Qualit\u00e4t begeistert sein! Probieren Sie die Spezialit\u00e4ten, Filets und ganzen Fische von Andreas Pinter. Egal ob ger\u00e4uchert oder f\u00fcr die Bratpfanne, diese Qualit\u00e4t wird Sie \u00fcberzeugen! Bei Fisch&Fest z\u00e4hlt Handarbeit! Die Fische werden noch von\u2026","rel":"","context":"\u00c4hnlicher Beitrag","img":{"alt_text":"Frischfisch gebraten","src":"https:\/\/i0.wp.com\/www.fisch-fest.net\/wordpress\/wp-content\/uploads\/2017\/04\/9838788236.jpg?resize=350%2C200","width":350,"height":200},"classes":[]}],"_links":{"self":[{"href":"https:\/\/www.fisch-fest.net\/wordpress\/wp-json\/wp\/v2\/pages\/1623","targetHints":{"allow":["GET"]}}],"collection":[{"href":"https:\/\/www.fisch-fest.net\/wordpress\/wp-json\/wp\/v2\/pages"}],"about":[{"href":"https:\/\/www.fisch-fest.net\/wordpress\/wp-json\/wp\/v2\/types\/page"}],"author":[{"embeddable":true,"href":"https:\/\/www.fisch-fest.net\/wordpress\/wp-json\/wp\/v2\/users\/1"}],"replies":[{"embeddable":true,"href":"https:\/\/www.fisch-fest.net\/wordpress\/wp-json\/wp\/v2\/comments?post=1623"}],"version-history":[{"count":1,"href":"https:\/\/www.fisch-fest.net\/wordpress\/wp-json\/wp\/v2\/pages\/1623\/revisions"}],"predecessor-version":[{"id":1740,"href":"https:\/\/www.fisch-fest.net\/wordpress\/wp-json\/wp\/v2\/pages\/1623\/revisions\/1740"}],"up":[{"embeddable":true,"href":"https:\/\/www.fisch-fest.net\/wordpress\/wp-json\/wp\/v2\/pages\/1022"}],"wp:attachment":[{"href":"https:\/\/www.fisch-fest.net\/wordpress\/wp-json\/wp\/v2\/media?parent=1623"}],"curies":[{"name":"wp","href":"https:\/\/api.w.org\/{rel}","templated":true}]}}