{"id":1142,"date":"2017-04-09T14:41:35","date_gmt":"2017-04-09T14:41:35","guid":{"rendered":"http:\/\/www.fisch-fest.net\/wordpress\/?page_id=1142"},"modified":"2017-04-09T14:42:11","modified_gmt":"2017-04-09T14:42:11","slug":"frischfisch","status":"publish","type":"page","link":"https:\/\/www.fisch-fest.net\/wordpress\/produkte\/frischfisch\/","title":{"rendered":"Frischfisch"},"content":{"rendered":"<div id=\"pl-1142\"  class=\"panel-layout\" ><div id=\"pg-1142-0\"  class=\"panel-grid panel-no-style\" ><div id=\"pgc-1142-0-0\"  class=\"panel-grid-cell\" ><div id=\"panel-1142-0-0-0\" class=\"so-panel widget widget_sow-editor panel-first-child panel-last-child\" data-index=\"0\" ><div\n\t\t\t\n\t\t\tclass=\"so-widget-sow-editor so-widget-sow-editor-base\"\n\t\t\t\n\t\t>\n<div class=\"siteorigin-widget-tinymce textwidget\">\n\t<p>Unsere Fische werden in bester Wasserqualit\u00e4t und mit viel Liebe gro\u00dfgezogen.<\/p>\n<p>Die Wasserqualit\u00e4t spielt f\u00fcr den Geschmack der Fische eine besonders gro\u00dfe Rolle und daher haben unsere Fische auch ein ausgezeichnete Aroma.\u00a0<\/p>\n<p>Wir bieten an:<\/p>\n<ul>\n<li>Forelle<\/li>\n<li>Saibling<\/li>\n<li>Lachsforelle<\/li>\n<li>Seeforelle<\/li>\n<li>Bachforelle<\/li>\n<li>Karpfen<\/li>\n<\/ul>\n<\/div>\n<\/div><\/div><\/div><div id=\"pgc-1142-0-1\"  class=\"panel-grid-cell\" ><div id=\"panel-1142-0-1-0\" class=\"so-panel widget widget_sow-image panel-first-child panel-last-child\" data-index=\"1\" ><div\n\t\t\t\n\t\t\tclass=\"so-widget-sow-image so-widget-sow-image-default-d6014b76747a-1142\"\n\t\t\t\n\t\t>\n\n<div class=\"sow-image-container\">\n\t\t<img decoding=\"async\" src=\"https:\/\/i0.wp.com\/www.fisch-fest.net\/wordpress\/wp-content\/uploads\/2017\/04\/9838788236.jpg?fit=675%2C448&amp;ssl=1\" width=\"675\" height=\"448\" srcset=\"https:\/\/i0.wp.com\/www.fisch-fest.net\/wordpress\/wp-content\/uploads\/2017\/04\/9838788236.jpg?w=675&amp;ssl=1 675w, https:\/\/i0.wp.com\/www.fisch-fest.net\/wordpress\/wp-content\/uploads\/2017\/04\/9838788236.jpg?resize=300%2C199&amp;ssl=1 300w, https:\/\/i0.wp.com\/www.fisch-fest.net\/wordpress\/wp-content\/uploads\/2017\/04\/9838788236.jpg?resize=452%2C300&amp;ssl=1 452w\" title=\"Frischfisch gebraten\" alt=\"Frischfisch gebraten\" loading=\"lazy\" \t\tclass=\"so-widget-image\"\/>\n\t<\/div>\n\n<\/div><\/div><\/div><\/div><\/div>","protected":false},"excerpt":{"rendered":"<p>Unsere Fische werden in bester Wasserqualit\u00e4t und mit viel Liebe gro\u00dfgezogen.Die Wasserqualit\u00e4t spielt f\u00fcr den Geschmack der Fische eine besonders gro\u00dfe Rolle und daher haben unsere Fische auch ein ausgezeichnete Aroma.\u00a0Wir bieten an:ForelleSaiblingLachsforelleSeeforelleBachforelleKarpfen<\/p>\n","protected":false},"author":1,"featured_media":0,"parent":1022,"menu_order":0,"comment_status":"closed","ping_status":"closed","template":"","meta":{"jetpack_post_was_ever_published":false,"footnotes":""},"class_list":["post-1142","page","type-page","status-publish","hentry"],"jetpack_sharing_enabled":true,"jetpack_shortlink":"https:\/\/wp.me\/P8BrCw-iq","jetpack-related-posts":[{"id":608,"url":"https:\/\/www.fisch-fest.net\/wordpress\/","url_meta":{"origin":1142,"position":0},"title":"Fisch&#038;Fest","date":"8. April 2017","format":false,"excerpt":"Alle Informationen zu unseren \u00d6ffnungszeiten finden Sie im Veranstaltungskalender \u00a0 Fisch in seiner besten Form Heimische S\u00fc\u00dfwasserfische gelten als besonders schmackhaft und sind zudem eine gesunde Sache! Genie\u00dfen Sie Fische von heimischen Fischz\u00fcchtern, denen Ihre Fische und unsere Umwelt besonders am Herzen liegen. Leidenschaftliche Fischliebhaber und Fischkenner sind hier richtig!\u2026","rel":"","context":"\u00c4hnlicher Beitrag","img":{"alt_text":"","src":"","width":0,"height":0},"classes":[]},{"id":758,"url":"https:\/\/www.fisch-fest.net\/wordpress\/fischer\/","url_meta":{"origin":1142,"position":1},"title":"Der Fischer","date":"9. April 2017","format":false,"excerpt":"Fisch in seiner besten\u00a0Art Leidenschaftliche Fischliebhaber und Fischkenner sind hier richtig! Sie werden von der Qualit\u00e4t begeistert sein! Probieren Sie die Spezialit\u00e4ten, Filets und ganzen Fische von Andreas Pinter. Egal ob ger\u00e4uchert oder f\u00fcr die Bratpfanne, diese Qualit\u00e4t wird Sie \u00fcberzeugen! Bei Fisch&Fest z\u00e4hlt Handarbeit! Die Fische werden noch von\u2026","rel":"","context":"\u00c4hnlicher Beitrag","img":{"alt_text":"Frischfisch gebraten","src":"https:\/\/i0.wp.com\/www.fisch-fest.net\/wordpress\/wp-content\/uploads\/2017\/04\/9838788236.jpg?resize=350%2C200","width":350,"height":200},"classes":[]},{"id":1265,"url":"https:\/\/www.fisch-fest.net\/wordpress\/produkte\/raeucherfisch\/","url_meta":{"origin":1142,"position":2},"title":"R\u00e4ucherfisch","date":"9. April 2017","format":false,"excerpt":"Fisch in seiner besten\u00a0Art Leidenschaftliche Fischliebhaber und Fischkenner sind hier richtig! Sie werden von der Qualit\u00e4t begeistert sein! Probieren Sie die Spezialit\u00e4ten, Filets und ganzen Fische von Andreas Pinter. Egal ob ger\u00e4uchert oder f\u00fcr die Bratpfanne, diese Qualit\u00e4t wird Sie \u00fcberzeugen! Bei Fisch&Fest z\u00e4hlt Handarbeit! Die Fische werden noch von\u2026","rel":"","context":"\u00c4hnlicher Beitrag","img":{"alt_text":"Frischfisch gebraten","src":"https:\/\/i0.wp.com\/www.fisch-fest.net\/wordpress\/wp-content\/uploads\/2017\/04\/9838788236.jpg?resize=350%2C200","width":350,"height":200},"classes":[]},{"id":2362,"url":"https:\/\/www.fisch-fest.net\/wordpress\/veranstaltung\/wochenmarkt-marchtrenk\/","url_meta":{"origin":1142,"position":3},"title":"Wochenmarkt Marchtrenk","date":"12. April 2017","format":false,"excerpt":"Der Wochenmarkt in Marchtrenk am Samstag von 8:15 bis 11:30 Uhr bietet ein frisches und regionales Angebot von Fischprodukten. (14-Tage-Rhythmus) Nat\u00fcrlich finden Sie bei diesem beliebten Markt noch viele weitere Angebote vom Speck bis zum Brot uvm. Ein Besuch wird Sie vom Angebot \u00fcberzeugen. Ich freue mich in einem 14-Tage-Rhythmus\u2026","rel":"","context":"\u00c4hnlicher Beitrag","img":{"alt_text":"","src":"","width":0,"height":0},"classes":[]},{"id":1501,"url":"https:\/\/www.fisch-fest.net\/wordpress\/produkte\/spezialitaeten\/","url_meta":{"origin":1142,"position":4},"title":"Spezialit\u00e4ten","date":"9. April 2017","format":false,"excerpt":"Mousse vom R\u00e4ucherfisch Das fluffig elegante R\u00e4ucherfischmousse sollte auf keiner eleganten Fischplatte fehlen. Der einzigartig hervorragende Geschmack wird in Ihnen das Verlangen nach mehr hervorrufen. Tauchen Sie ein in die berauschende Welt des Fischgenusses. R\u00e4ucherfischtatare Die besondere Art des Fischgenusses. Das R\u00e4ucherfischtartare wird Ihnen eine andere Welt des Fischgenusses pr\u00e4sentieren.\u2026","rel":"","context":"\u00c4hnlicher Beitrag","img":{"alt_text":"Mousse vom R\u00c3\u00a4ucherfisch","src":"https:\/\/i0.wp.com\/www.fisch-fest.net\/wordpress\/wp-content\/uploads\/2017\/04\/5860287713-4-1-1.jpg?resize=350%2C200","width":350,"height":200},"classes":[]},{"id":440,"url":"https:\/\/www.fisch-fest.net\/wordpress\/news\/13-14-september-2013-genusslandstrase-2013\/","url_meta":{"origin":1142,"position":5},"title":"Genusslandstra\u00dfe","date":"25. August 2013","format":false,"excerpt":"Die n\u00e4chste Genusslandstra\u00dfe findet wieder im Jahr 2017 statt! Freuen\u00a0wir uns\u00a0darauf! \u00a0 \u00a0 \u00a0 \u00a0 Auch vom 13. - 14. September 2013 haben\u00a0Sie die Aussteller der Genusslandstra\u00dfe mit einem kulinarischem Feuerwerk begeistert. Fisch & Fest\u00a0hat\u00a0Sie mit den besten Fischspezialit\u00e4ten verw\u00f6hnt. F\u00fcr Ihr\u00a0leibliches\u00a0Wohl sorgten wir mit unseren Spizialit\u00e4ten: \"M\u00fchlviertler\u00a0Fischsuppe und Fischetti\".\u2026","rel":"","context":"\u00c4hnlicher Beitrag","img":{"alt_text":"","src":"https:\/\/i0.wp.com\/www.fisch-fest.net\/wordpress\/wp-content\/uploads\/2011\/11\/genussland_ooe_0271-450x3001.jpg?resize=350%2C200","width":350,"height":200},"classes":[]}],"_links":{"self":[{"href":"https:\/\/www.fisch-fest.net\/wordpress\/wp-json\/wp\/v2\/pages\/1142","targetHints":{"allow":["GET"]}}],"collection":[{"href":"https:\/\/www.fisch-fest.net\/wordpress\/wp-json\/wp\/v2\/pages"}],"about":[{"href":"https:\/\/www.fisch-fest.net\/wordpress\/wp-json\/wp\/v2\/types\/page"}],"author":[{"embeddable":true,"href":"https:\/\/www.fisch-fest.net\/wordpress\/wp-json\/wp\/v2\/users\/1"}],"replies":[{"embeddable":true,"href":"https:\/\/www.fisch-fest.net\/wordpress\/wp-json\/wp\/v2\/comments?post=1142"}],"version-history":[{"count":2,"href":"https:\/\/www.fisch-fest.net\/wordpress\/wp-json\/wp\/v2\/pages\/1142\/revisions"}],"predecessor-version":[{"id":1260,"href":"https:\/\/www.fisch-fest.net\/wordpress\/wp-json\/wp\/v2\/pages\/1142\/revisions\/1260"}],"up":[{"embeddable":true,"href":"https:\/\/www.fisch-fest.net\/wordpress\/wp-json\/wp\/v2\/pages\/1022"}],"wp:attachment":[{"href":"https:\/\/www.fisch-fest.net\/wordpress\/wp-json\/wp\/v2\/media?parent=1142"}],"curies":[{"name":"wp","href":"https:\/\/api.w.org\/{rel}","templated":true}]}}